{"id":818,"date":"2019-09-14T22:20:09","date_gmt":"2019-09-15T03:20:09","guid":{"rendered":"https:\/\/cpmqcca.mywhc.ca\/intranet\/?page_id=818"},"modified":"2019-09-14T22:58:19","modified_gmt":"2019-09-15T03:58:19","slug":"colloque-2010","status":"publish","type":"page","link":"https:\/\/cpm.qc.ca\/intranet\/colloques\/colloque-2010\/","title":{"rendered":"Colloque 2010"},"content":{"rendered":"\n<h1 class=\"wp-block-heading\">L\u2019usager au c\u0153ur de la qualit\u00e9<\/h1>\n\n\n\n<ul class=\"wp-block-list\"><li><a rel=\"noreferrer noopener\" aria-label=\"Cliquez ici pour acc\u00e9der au communiqu\u00e9 de presse (s\u2019ouvre dans un nouvel onglet)\" href=\"https:\/\/cpm.qc.ca\/intranet\/wp-content\/uploads\/sites\/4\/2019\/09\/Communiquer-de-presse-2010.pdf\" target=\"_blank\">Cliquez ici pour acc\u00e9der au communiqu\u00e9 de presse<\/a><\/li><li><a rel=\"noreferrer noopener\" aria-label=\"Cliquez ici pour acc\u00e9der \u00e0 la fiche d\u2019inscription (s\u2019ouvre dans un nouvel onglet)\" href=\"https:\/\/cpm.qc.ca\/intranet\/wp-content\/uploads\/sites\/4\/2019\/09\/D\u00e9pliant-colloque-2010.pdf\" target=\"_blank\">Cliquez ici pour acc\u00e9der \u00e0 la fiche d\u2019inscription<\/a><\/li><li><a rel=\"noreferrer noopener\" aria-label=\"Cliquez ici pour acc\u00e9der au prix Claude Brunet (s\u2019ouvre dans un nouvel onglet)\" href=\"https:\/\/cpm.qc.ca\/intranet\/wp-content\/uploads\/sites\/4\/2019\/09\/Prix-Claude-Brunet-2010.pdf\" target=\"_blank\">Cliquez ici pour acc\u00e9der au prix Claude Brunet<\/a><\/li><\/ul>\n\n\n\n<p>Pour la neuvi\u00e8me ann\u00e9e cons\u00e9cutive, le Conseil  pour la protection des malades est heureux d\u2019annoncer la tenue de son colloque annuel qui se tiendra le lundi 7 juin 2010 \u00e0 l\u2019H\u00f4tel Hilton, dans la ville de Qu\u00e9bec. <\/p>\n\n\n\n<p>Cette ann\u00e9e encore, le Conseil pour la protection des malades tient compte de vos suggestions tant au niveau du choix de la formule qu\u2019au niveau du contenu et de l\u2019organisation de votre colloque. Veuillez trouver, ci-joint, le programme pr\u00e9liminaire de cet \u00e9v\u00e9nement marquant le 36\u00e8me anniversaire d\u2019existence de l\u2019organisation. <\/p>\n\n\n\n<p><\/p>\n\n\n\n<h2 class=\"wp-block-heading\">Nos conf\u00e9renciers invit\u00e9s:<\/h2>\n\n\n\n<p><strong>Conf\u00e9rence et \u00e9changes\u00a0:<\/strong> Me Serge Grimard, Avocat : Dunton Rainville.<\/p>\n\n\n\n<p><strong>Allocution d\u2019ouverture\u00a0: <\/strong>Dr Yves Bolduc, Ministre de la Sant\u00e9 et des Services sociaux.<\/p>\n\n\n\n<p><strong>Atelier\u00a0: <\/strong>Me Sophie Marchildon, Avocate : Commissaire locale aux plaintes et \u00e0 la qualit\u00e9 des services au CSSS de Vaudreuil-Soulanges et du Haut-Saint-Laurent.<\/p>\n\n\n\n<p><strong>Conf\u00e9rence et \u00e9changes\u00a0:<\/strong> Me Jean-Pierre M\u00e9nard, Avocat<\/p>\n\n\n\n<p><strong>Conf\u00e9rence et \u00e9changes\u00a0:<\/strong> Mme Anne Monat : Ergoth\u00e9rapeute Conseil en G\u00e9rontologie. \u00a0<\/p>\n","protected":false},"excerpt":{"rendered":"<p>L\u2019usager au c\u0153ur de la qualit\u00e9 Cliquez ici pour acc\u00e9der au communiqu\u00e9 de presse Cliquez ici pour acc\u00e9der \u00e0 la fiche d\u2019inscription Cliquez ici pour acc\u00e9der au prix Claude Brunet Pour la neuvi\u00e8me ann\u00e9e cons\u00e9cutive, le Conseil pour la protection <a class=\"more-link\" href=\"https:\/\/cpm.qc.ca\/intranet\/colloques\/colloque-2010\/\">Lire la suite &#8230;<\/a><\/p>\n","protected":false},"author":2,"featured_media":461,"parent":131,"menu_order":0,"comment_status":"closed","ping_status":"closed","template":"","meta":{"_bbp_topic_count":0,"_bbp_reply_count":0,"_bbp_total_topic_count":0,"_bbp_total_reply_count":0,"_bbp_voice_count":0,"_bbp_anonymous_reply_count":0,"_bbp_topic_count_hidden":0,"_bbp_reply_count_hidden":0,"_bbp_forum_subforum_count":0,"footnotes":""},"class_list":["post-818","page","type-page","status-publish","has-post-thumbnail","hentry"],"_links":{"self":[{"href":"https:\/\/cpm.qc.ca\/intranet\/wp-json\/wp\/v2\/pages\/818","targetHints":{"allow":["GET"]}}],"collection":[{"href":"https:\/\/cpm.qc.ca\/intranet\/wp-json\/wp\/v2\/pages"}],"about":[{"href":"https:\/\/cpm.qc.ca\/intranet\/wp-json\/wp\/v2\/types\/page"}],"author":[{"embeddable":true,"href":"https:\/\/cpm.qc.ca\/intranet\/wp-json\/wp\/v2\/users\/2"}],"replies":[{"embeddable":true,"href":"https:\/\/cpm.qc.ca\/intranet\/wp-json\/wp\/v2\/comments?post=818"}],"version-history":[{"count":9,"href":"https:\/\/cpm.qc.ca\/intranet\/wp-json\/wp\/v2\/pages\/818\/revisions"}],"predecessor-version":[{"id":833,"href":"https:\/\/cpm.qc.ca\/intranet\/wp-json\/wp\/v2\/pages\/818\/revisions\/833"}],"up":[{"embeddable":true,"href":"https:\/\/cpm.qc.ca\/intranet\/wp-json\/wp\/v2\/pages\/131"}],"wp:featuredmedia":[{"embeddable":true,"href":"https:\/\/cpm.qc.ca\/intranet\/wp-json\/wp\/v2\/media\/461"}],"wp:attachment":[{"href":"https:\/\/cpm.qc.ca\/intranet\/wp-json\/wp\/v2\/media?parent=818"}],"curies":[{"name":"wp","href":"https:\/\/api.w.org\/{rel}","templated":true}]}}